{"id":17,"date":"2019-01-29T01:25:59","date_gmt":"2019-01-29T00:25:59","guid":{"rendered":"http:\/\/fj2h.fr\/wordpress\/?page_id=17"},"modified":"2025-04-01T11:52:38","modified_gmt":"2025-04-01T09:52:38","slug":"accueil","status":"publish","type":"page","link":"https:\/\/fj2h.fr\/wordpress\/","title":{"rendered":"ACCUEIL"},"content":{"rendered":"<p><img loading=\"lazy\" decoding=\"async\" class=\"aligncenter wp-image-381 size-full\" src=\"https:\/\/fj2h.fr\/wordpress\/wp-content\/uploads\/2023\/10\/accueil.png\" alt=\"\" width=\"1640\" height=\"924\" srcset=\"https:\/\/fj2h.fr\/wordpress\/wp-content\/uploads\/2023\/10\/accueil.png 1640w, https:\/\/fj2h.fr\/wordpress\/wp-content\/uploads\/2023\/10\/accueil-300x169.png 300w, https:\/\/fj2h.fr\/wordpress\/wp-content\/uploads\/2023\/10\/accueil-1024x577.png 1024w, https:\/\/fj2h.fr\/wordpress\/wp-content\/uploads\/2023\/10\/accueil-768x433.png 768w, https:\/\/fj2h.fr\/wordpress\/wp-content\/uploads\/2023\/10\/accueil-1536x865.png 1536w\" sizes=\"auto, (max-width: 767px) 89vw, (max-width: 1000px) 54vw, (max-width: 1071px) 543px, 580px\" \/><\/p>\r\n<p><strong>Le Changement : Un Voyage, Pas un \u00c9v\u00e9nement<\/strong><\/p>\r\n<p>Trop souvent, on pense que le d\u00e9veloppement personnel peut se r\u00e9sumer \u00e0 un d\u00e9clic, une s\u00e9ance miracle, un changement instantan\u00e9. Mais en r\u00e9alit\u00e9, le vrai changement est un processus, un cheminement qui demande du temps, de la pers\u00e9v\u00e9rance et un accompagnement adapt\u00e9.<\/p>\r\n<p><br \/>Les programmes que j\u2019ai con\u00e7us sont l\u00e0 pour vous guider \u00e0 travers plusieurs s\u00e9ances progressives, chacune b\u00e2tie pour consolider les bases essentielles \u00e0 votre \u00e9panouissement personnel. Ce parcours n&rsquo;est pas une simple intervention ponctuelle ; c\u2019est un accompagnement qui vous permet de :<\/p>\r\n<p>\u2705 Poser des fondations solides pour une stabilit\u00e9 durable.<br \/>\u2705 Explorer en profondeur vos blocages, vos aspirations et vos forces.<br \/>\u2705 Mettre en place un fonctionnement de vie diff\u00e9rent, plus confiant. Comprendre ce qu&rsquo;est une vibration, comment elle impacte votre vie quotidienne.<\/p>\r\n<p>Le bien-\u00eatre et la stabilit\u00e9 que vous recherchez sont le fruit d&rsquo;un engagement sur le long terme. Chaque \u00e9tape du programme est pens\u00e9e pour vous aider \u00e0 avancer de mani\u00e8re coh\u00e9rente, authentique et durable. La gu\u00e9rison est une alchimie complexe. Gu\u00e9rir, c&rsquo;est aussi grandir, \u00e9voluer. Ce processus est mis en route par votre propre pouvoir.<\/p>\r\n<p><strong>Un Accompagnement Diff\u00e9rent : B\u00e2tir avant de D\u00e9construire<\/strong><\/p>\r\n<p>Je ne crois plus aux s\u00e9ances isol\u00e9es qui cherchent \u00e0 d\u00e9terrer des traumatismes ou \u00e0 lever des blocages sans fondation solide. Travailler sur des blessures profondes sans avoir d\u2019abord b\u00e2ti une structure int\u00e9rieure stable, c\u2019est comme tenter de r\u00e9nover une maison sans fondations.<\/p>\r\n<p><br \/><strong>Ma valeur ajout\u00e9e ?<\/strong> Justement cet accompagnement sp\u00e9cifique, personnalis\u00e9, qui prend en compte la globalit\u00e9 de votre \u00eatre. Avant d&rsquo;aborder les zones d\u2019ombre, je vous aide \u00e0 construire une base saine, solide et \u00e9panouissante. Une structure int\u00e9rieure capable d\u2019accueillir le changement sans craindre de s&rsquo;effondrer.<\/p>\r\n<p><br \/>J\u2019aime les histoires. J\u2019aime les raconter, mais surtout vous aider \u00e0 \u00e9crire la v\u00f4tre. \u00c0 retrouver le fil de votre parcours, \u00e0 y apporter de la clart\u00e9, de la coh\u00e9rence, de la douceur. Chaque s\u00e9ance est pens\u00e9e comme un chapitre d\u2019un r\u00e9cit plus vaste, qui vous appartient.<\/p>\r\n<p><br \/>Les programmes que j&rsquo;ai b\u00e2tis sont des accompagnements qui respectent votre rythme, qui vous permettent de vous conna\u00eetre profond\u00e9ment et d\u2019\u00e9voluer en toute s\u00e9curit\u00e9. Parce que votre histoire m\u00e9rite d\u2019\u00eatre racont\u00e9e de la plus belle mani\u00e8re.\u00a0<\/p>\r\n\r\n<blockquote class=\"wp-block-quote has-text-align-center is-layout-flow wp-block-quote-is-layout-flow\">\r\n<p style=\"text-align: center;\"><strong>Commencer, d\u00e9buter, initier&#8230; <\/strong><\/p>\r\n<p>Un initi\u00e9 est une personne qui a \u00e9t\u00e9 introduite aux myst\u00e8res. Elle d\u00e9couvrira sur son chemin, un monde invisible qui interagit avec le monde visible. Toutefois elle ne le d\u00e9couvrira pas par croyance mais bien par exp\u00e9rience.<\/p>\r\n<\/blockquote>\r\n\r\n\r\n\r\n<p class=\"has-text-align-center\">\u00a0<\/p>\r\n","protected":false},"excerpt":{"rendered":"<p>Le Changement : Un Voyage, Pas un \u00c9v\u00e9nement Trop souvent, on pense que le d\u00e9veloppement personnel peut se r\u00e9sumer \u00e0 un d\u00e9clic, une s\u00e9ance miracle, un changement instantan\u00e9. Mais en r\u00e9alit\u00e9, le vrai changement est un processus, un cheminement qui demande du temps, de la pers\u00e9v\u00e9rance et un accompagnement adapt\u00e9. Les programmes que j\u2019ai con\u00e7us &hellip; <\/p>\n<p class=\"link-more\"><a href=\"https:\/\/fj2h.fr\/wordpress\/\" class=\"more-link\">Continuer la lecture<span class=\"screen-reader-text\"> de &laquo;&nbsp;ACCUEIL&nbsp;&raquo;<\/span><\/a><\/p>\n","protected":false},"author":1,"featured_media":0,"parent":0,"menu_order":0,"comment_status":"closed","ping_status":"closed","template":"","meta":{"footnotes":""},"class_list":["post-17","page","type-page","status-publish","hentry"],"_links":{"self":[{"href":"https:\/\/fj2h.fr\/wordpress\/wp-json\/wp\/v2\/pages\/17","targetHints":{"allow":["GET"]}}],"collection":[{"href":"https:\/\/fj2h.fr\/wordpress\/wp-json\/wp\/v2\/pages"}],"about":[{"href":"https:\/\/fj2h.fr\/wordpress\/wp-json\/wp\/v2\/types\/page"}],"author":[{"embeddable":true,"href":"https:\/\/fj2h.fr\/wordpress\/wp-json\/wp\/v2\/users\/1"}],"replies":[{"embeddable":true,"href":"https:\/\/fj2h.fr\/wordpress\/wp-json\/wp\/v2\/comments?post=17"}],"version-history":[{"count":20,"href":"https:\/\/fj2h.fr\/wordpress\/wp-json\/wp\/v2\/pages\/17\/revisions"}],"predecessor-version":[{"id":437,"href":"https:\/\/fj2h.fr\/wordpress\/wp-json\/wp\/v2\/pages\/17\/revisions\/437"}],"wp:attachment":[{"href":"https:\/\/fj2h.fr\/wordpress\/wp-json\/wp\/v2\/media?parent=17"}],"curies":[{"name":"wp","href":"https:\/\/api.w.org\/{rel}","templated":true}]}}