{"id":75,"date":"2019-01-29T01:48:41","date_gmt":"2019-01-29T00:48:41","guid":{"rendered":"http:\/\/fj2h.fr\/wordpress\/?page_id=75"},"modified":"2025-12-07T12:02:16","modified_gmt":"2025-12-07T11:02:16","slug":"tarifs","status":"publish","type":"page","link":"https:\/\/fj2h.fr\/wordpress\/tarifs\/","title":{"rendered":"Tarifs &#038; Mentions l\u00e9gales"},"content":{"rendered":"\r\n<p>R\u00e8glement par ch\u00e8que bancaire \/ virement bancaire \/ esp\u00e8ces<\/p>\r\n\r\n\r\n\r\n<p><strong>Hypnose\u00a0:<\/strong><\/p>\r\n\r\n\r\n\r\n<p>Prix d\u2019une s\u00e9ance\u00a0 : <strong>90 \u20ac<\/strong>\u00a0<\/p>\r\n<p><strong>Programme \u00ab\u00a0Chemin vers la Stabilit\u00e9\u00a0\u00bb\u00a0 (cf programme) :<\/strong><\/p>\r\n<p>\r\n\r\n<\/p>\r\n<p style=\"text-align: left;\">4 s\u00e9ances (Anamn\u00e8se + s\u00e9ance sur l&rsquo;identit\u00e9 + s\u00e9ance arch\u00e9typique, TSA, Trauma etc selon les besoins \u00e9tablis apr\u00e8s la s\u00e9ance sur l&rsquo;identit\u00e9) : <strong>360 \u20ac*<\/strong><\/p>\r\n\r\n\r\n\r\n<p><strong>Programme Vibre Action\u00a0 (cf programme) :<\/strong><\/p>\r\n\r\n\r\n\r\n<p style=\"text-align: left;\">5 s\u00e9ances (Anamn\u00e8se + identit\u00e9 + 3 sp\u00e9cifiques Vibre Actions) : <strong>450 \u20ac*<\/strong><\/p>\r\n<pre><em>* Chaque s\u00e9ance est \u00e0 r\u00e9gler le jour du RDV.<\/em><\/pre>\r\n\r\n\r\n\r\n<p><strong>Bilan de Comp\u00e9tences\u00a0 \/ <\/strong><strong>Programmes Incubateur de Talents ou Inside<\/strong><\/p>\r\n\r\n\r\n\r\n<p>Me contacter pour le rendez vous pr\u00e9alable afin de v\u00e9rifier l&rsquo;ad\u00e9quation avec votre besoin.<\/p>\r\n\r\n\r\n\r\n<p style=\"font-size: 12px;\">Je ne suis ni m\u00e9decin, ni psychiatre. Je ne fais donc pas de diagnostics. Les s\u00e9ances sont r\u00e9alis\u00e9es dans le cadre d\u2019un accompagnement et de d\u00e9marche de solutions \u00e0 l\u2019exclusion de tout objectif m\u00e9dical et ne peuvent en aucun cas se substituer \u00e0 un avis m\u00e9dical. Elles ne dispensent en aucun cas de consulter un professionnel de la sant\u00e9, chaque fois que cela est n\u00e9cessaire. Seul un m\u00e9decin est habilit\u00e9 \u00e0 poser des diagnostics, prescrire, modifier ou supprimer tout traitement m\u00e9dical. Toute question relevant du domaine m\u00e9dical est \u00e0 poser \u00e0 votre m\u00e9decin traitant.<\/p>\r\n\r\n\r\n\r\n\r\n\r\n<p><strong>Mentions l\u00e9gales :<\/strong><\/p>\r\n<p>Chaque accompagnement est con\u00e7u sur mesure, en fonction de vos besoins, qu\u2019il s\u2019agisse d\u2019un travail de d\u00e9veloppement personnel, d\u2019un bilan de comp\u00e9tences ou d\u2019un projet professionnel \u00e0 clarifier.<br data-start=\"406\" data-end=\"409\" \/><em>Les tarifs indiqu\u00e9s ci-dessous sont nets de TVA (article 293 B du CGI) et s\u2019appliquent \u00e0 l\u2019ensemble des prestations propos\u00e9es.<\/em><\/p>\r\n<p data-start=\"537\" data-end=\"679\">\ud83d\udccc <em data-start=\"540\" data-end=\"679\">Toute prise de rendez-vous vaut acceptation des Conditions G\u00e9n\u00e9rales de Services : <a href=\"https:\/\/fj2h.fr\/wordpress\/wp-content\/uploads\/2025\/07\/CGS-FJ2H-1.pdf\">CGS FJ2H<\/a>. N\u2019h\u00e9sitez pas \u00e0 me contacter pour toute pr\u00e9cision.<\/em><\/p>\r\n<p data-start=\"537\" data-end=\"679\"><em data-start=\"540\" data-end=\"679\">\ud83d\udccc En prenant rendez-vous, vous consentez \u00e0 la politique de confidentialit\u00e9 et \u00e0 l\u2019utilisation de vos donn\u00e9es dans le cadre strict de l\u2019accompagnement propos\u00e9 : <a href=\"https:\/\/fj2h.fr\/wordpress\/wp-content\/uploads\/2025\/07\/POLITIQUE-CONFIDENTIALITE-FJ2H.pdf\">POLITIQUE CONFIDENTIALITE FJ2H<\/a><\/em><\/p>\r\n\r\n\r\n\r\n\r\n\r\n<p style=\"font-size: 12px;\"><em>N\u00b0 de RC Pro : Contrat groupe AXA Assurances n\u00b0 7673236804. Ce contrat couvre la Responsabilit\u00e9 Civile Professionnelle et Exploitation.\u00a0<br \/>\u00ab La prestation d\u00e9livr\u00e9e par votre professionnel ne fait pas l\u2019objet d\u2019un conventionnement. D\u00e8s lors, elle n\u2019est pas prise en charge par la S\u00e9curit\u00e9 Sociale. Le montant des honoraires fix\u00e9 est cependant d\u00e9termin\u00e9 avec tact et mesure. Article du 30 mai 2018. \u00bb<\/em><\/p>\r\n\r\n\r\n\r\n<p style=\"font-size: 12px;\"><em>\u00ab Conform\u00e9ment aux articles L.616-1 et R.616-1 du code de la consommation, nous avons mis en place un dispositif de m\u00e9diation de la consommation. L&rsquo;entit\u00e9 de m\u00e9diation retenue est : MEDIATION CONSOMMATION DEVELOPPEMENT \/MED CONSO DEV. En cas de litige, vous pouvez d\u00e9poser votre r\u00e9clamation sur son site : https:\/\/www.medconsodev.eu <\/em><\/p>\r\n<p style=\"font-size: 12px;\"><em>ou par voie postale : MEDIATION CONSOMMATION DEVELOPPMENT\/MED CONSO DEV &#8211; Centre d&rsquo;affaires St\u00e9phanois SAS &#8211; Immeuble l&rsquo;horizon &#8211; Esplanade de France &#8211; 3 rue J Constant MIlleret &#8211; 42000 SAINT ETIENNE.<\/em><\/p>\r\n<h6>\u00a0<\/h6>\r\n","protected":false},"excerpt":{"rendered":"<p>R\u00e8glement par ch\u00e8que bancaire \/ virement bancaire \/ esp\u00e8ces Hypnose\u00a0: Prix d\u2019une s\u00e9ance\u00a0 : 90 \u20ac\u00a0 Programme \u00ab\u00a0Chemin vers la Stabilit\u00e9\u00a0\u00bb\u00a0 (cf programme) : 4 s\u00e9ances (Anamn\u00e8se + s\u00e9ance sur l&rsquo;identit\u00e9 + s\u00e9ance arch\u00e9typique, TSA, Trauma etc selon les besoins \u00e9tablis apr\u00e8s la s\u00e9ance sur l&rsquo;identit\u00e9) : 360 \u20ac* Programme Vibre Action\u00a0 (cf programme) : &hellip; <\/p>\n<p class=\"link-more\"><a href=\"https:\/\/fj2h.fr\/wordpress\/tarifs\/\" class=\"more-link\">Continuer la lecture<span class=\"screen-reader-text\"> de &laquo;&nbsp;Tarifs &#038; Mentions l\u00e9gales&nbsp;&raquo;<\/span><\/a><\/p>\n","protected":false},"author":1,"featured_media":0,"parent":0,"menu_order":0,"comment_status":"closed","ping_status":"closed","template":"","meta":{"footnotes":""},"class_list":["post-75","page","type-page","status-publish","hentry"],"_links":{"self":[{"href":"https:\/\/fj2h.fr\/wordpress\/wp-json\/wp\/v2\/pages\/75","targetHints":{"allow":["GET"]}}],"collection":[{"href":"https:\/\/fj2h.fr\/wordpress\/wp-json\/wp\/v2\/pages"}],"about":[{"href":"https:\/\/fj2h.fr\/wordpress\/wp-json\/wp\/v2\/types\/page"}],"author":[{"embeddable":true,"href":"https:\/\/fj2h.fr\/wordpress\/wp-json\/wp\/v2\/users\/1"}],"replies":[{"embeddable":true,"href":"https:\/\/fj2h.fr\/wordpress\/wp-json\/wp\/v2\/comments?post=75"}],"version-history":[{"count":16,"href":"https:\/\/fj2h.fr\/wordpress\/wp-json\/wp\/v2\/pages\/75\/revisions"}],"predecessor-version":[{"id":488,"href":"https:\/\/fj2h.fr\/wordpress\/wp-json\/wp\/v2\/pages\/75\/revisions\/488"}],"wp:attachment":[{"href":"https:\/\/fj2h.fr\/wordpress\/wp-json\/wp\/v2\/media?parent=75"}],"curies":[{"name":"wp","href":"https:\/\/api.w.org\/{rel}","templated":true}]}}